{"id":1317,"date":"2021-11-21T15:12:46","date_gmt":"2021-11-21T15:12:46","guid":{"rendered":"https:\/\/pferdealtersweide-valendas.ch\/wpValendas\/home\/"},"modified":"2025-10-23T07:29:47","modified_gmt":"2025-10-23T07:29:47","slug":"home","status":"publish","type":"page","link":"https:\/\/pferdealtersweide-valendas.ch\/wpValendas\/","title":{"rendered":"Home"},"content":{"rendered":"\t\t<div data-elementor-type=\"wp-page\" data-elementor-id=\"1317\" class=\"elementor elementor-1317\">\n\t\t\t\t<div class=\"elementor-element elementor-element-080475f e-flex e-con-boxed e-con e-parent\" data-id=\"080475f\" data-element_type=\"container\" data-e-type=\"container\" data-settings=\"{&quot;background_background&quot;:&quot;classic&quot;}\">\n\t\t\t\t\t<div class=\"e-con-inner\">\n\t\t\t\t<div class=\"elementor-element elementor-element-8ab47fb elementor-widget elementor-widget-heading\" data-id=\"8ab47fb\" data-element_type=\"widget\" data-e-type=\"widget\" data-settings=\"{&quot;_animation&quot;:&quot;none&quot;}\" data-widget_type=\"heading.default\">\n\t\t\t\t<div class=\"elementor-widget-container\">\n\t\t\t\t\t<h1 class=\"elementor-heading-title elementor-size-default\">Pferdealtersweide Valendas<\/h1>\t\t\t\t<\/div>\n\t\t\t\t<\/div>\n\t\t\t\t<div class=\"elementor-element elementor-element-7ce2d46 elementor-widget elementor-widget-heading\" data-id=\"7ce2d46\" data-element_type=\"widget\" data-e-type=\"widget\" data-widget_type=\"heading.default\">\n\t\t\t\t<div class=\"elementor-widget-container\">\n\t\t\t\t\t<h2 class=\"elementor-heading-title elementor-size-default\">Alters- und Ferienweide<\/h2>\t\t\t\t<\/div>\n\t\t\t\t<\/div>\n\t\t\t\t<div class=\"elementor-element elementor-element-f0a0684 elementor-align-center elementor-hidden-desktop elementor-hidden-tablet elementor-hidden-mobile elementor-widget elementor-widget-button\" data-id=\"f0a0684\" data-element_type=\"widget\" data-e-type=\"widget\" data-widget_type=\"button.default\">\n\t\t\t\t<div class=\"elementor-widget-container\">\n\t\t\t\t\t\t\t\t\t<div class=\"elementor-button-wrapper\">\n\t\t\t\t\t<a class=\"elementor-button elementor-button-link elementor-size-sm\" href=\"#\">\n\t\t\t\t\t\t<span class=\"elementor-button-content-wrapper\">\n\t\t\t\t\t\t\t\t\t<span class=\"elementor-button-text\">Get Started<\/span>\n\t\t\t\t\t<\/span>\n\t\t\t\t\t<\/a>\n\t\t\t\t<\/div>\n\t\t\t\t\t\t\t\t<\/div>\n\t\t\t\t<\/div>\n\t\t\t\t\t<\/div>\n\t\t\t\t<\/div>\n\t\t<div class=\"elementor-element elementor-element-c20e150 e-flex e-con-boxed e-con e-parent\" data-id=\"c20e150\" data-element_type=\"container\" data-e-type=\"container\" data-settings=\"{&quot;background_background&quot;:&quot;classic&quot;}\">\n\t\t\t\t\t<div class=\"e-con-inner\">\n\t\t\t\t<div class=\"elementor-element elementor-element-3493908 elementor-widget elementor-widget-heading\" data-id=\"3493908\" data-element_type=\"widget\" data-e-type=\"widget\" data-widget_type=\"heading.default\">\n\t\t\t\t<div class=\"elementor-widget-container\">\n\t\t\t\t\t<h2 class=\"elementor-heading-title elementor-size-default\">Willkommen<\/h2>\t\t\t\t<\/div>\n\t\t\t\t<\/div>\n\t\t\t\t<div class=\"elementor-element elementor-element-d04b682 elementor-widget-divider--view-line elementor-widget elementor-widget-divider\" data-id=\"d04b682\" data-element_type=\"widget\" data-e-type=\"widget\" data-widget_type=\"divider.default\">\n\t\t\t\t<div class=\"elementor-widget-container\">\n\t\t\t\t\t\t\t<div class=\"elementor-divider\">\n\t\t\t<span class=\"elementor-divider-separator\">\n\t\t\t\t\t\t<\/span>\n\t\t<\/div>\n\t\t\t\t\t\t<\/div>\n\t\t\t\t<\/div>\n\t\t<div class=\"elementor-element elementor-element-829cbec e-con-full e-flex e-con e-child\" data-id=\"829cbec\" data-element_type=\"container\" data-e-type=\"container\">\n\t\t<div class=\"elementor-element elementor-element-1d10e89 e-con-full e-flex e-con e-child\" data-id=\"1d10e89\" data-element_type=\"container\" data-e-type=\"container\">\n\t\t\t\t<div class=\"elementor-element elementor-element-275ac72 elementor-widget elementor-widget-image\" data-id=\"275ac72\" data-element_type=\"widget\" data-e-type=\"widget\" data-widget_type=\"image.default\">\n\t\t\t\t<div class=\"elementor-widget-container\">\n\t\t\t\t\t\t\t\t\t\t\t\t\t\t\t\t<a href=\"https:\/\/pferdealtersweide-valendas.ch\/wpValendas\/wp-content\/uploads\/2024\/01\/20230813_065224-1-scaled.jpg\" data-elementor-open-lightbox=\"yes\" data-e-action-hash=\"#elementor-action%3Aaction%3Dlightbox%26settings%3DeyJpZCI6NTcyMCwidXJsIjoiaHR0cHM6XC9cL3BmZXJkZWFsdGVyc3dlaWRlLXZhbGVuZGFzLmNoXC93cFZhbGVuZGFzXC93cC1jb250ZW50XC91cGxvYWRzXC8yMDI0XC8wMVwvMjAyMzA4MTNfMDY1MjI0LTEtc2NhbGVkLmpwZyJ9\">\n\t\t\t\t\t\t\t<img fetchpriority=\"high\" decoding=\"async\" width=\"300\" height=\"225\" src=\"https:\/\/pferdealtersweide-valendas.ch\/wpValendas\/wp-content\/uploads\/2024\/01\/20230813_065224-1-300x225.jpg\" class=\"attachment-medium size-medium wp-image-5720\" alt=\"\" srcset=\"https:\/\/pferdealtersweide-valendas.ch\/wpValendas\/wp-content\/uploads\/2024\/01\/20230813_065224-1-300x225.jpg 300w, https:\/\/pferdealtersweide-valendas.ch\/wpValendas\/wp-content\/uploads\/2024\/01\/20230813_065224-1-1024x768.jpg 1024w, https:\/\/pferdealtersweide-valendas.ch\/wpValendas\/wp-content\/uploads\/2024\/01\/20230813_065224-1-768x576.jpg 768w, https:\/\/pferdealtersweide-valendas.ch\/wpValendas\/wp-content\/uploads\/2024\/01\/20230813_065224-1-1536x1152.jpg 1536w, https:\/\/pferdealtersweide-valendas.ch\/wpValendas\/wp-content\/uploads\/2024\/01\/20230813_065224-1-2048x1536.jpg 2048w\" sizes=\"(max-width: 300px) 100vw, 300px\" \/>\t\t\t\t\t\t\t\t<\/a>\n\t\t\t\t\t\t\t\t\t\t\t\t\t\t\t<\/div>\n\t\t\t\t<\/div>\n\t\t\t\t<\/div>\n\t\t<div class=\"elementor-element elementor-element-5018adf e-con-full e-flex e-con e-child\" data-id=\"5018adf\" data-element_type=\"container\" data-e-type=\"container\">\n\t\t\t\t<div class=\"elementor-element elementor-element-08536c8 elementor-widget elementor-widget-image\" data-id=\"08536c8\" data-element_type=\"widget\" data-e-type=\"widget\" data-widget_type=\"image.default\">\n\t\t\t\t<div class=\"elementor-widget-container\">\n\t\t\t\t\t\t\t\t\t\t\t\t\t\t\t\t<a href=\"https:\/\/pferdealtersweide-valendas.ch\/wpValendas\/wp-content\/uploads\/2024\/06\/VideoCapture_20230914-190657-Kopie-e1718186175766.jpg\" data-elementor-open-lightbox=\"yes\" data-e-action-hash=\"#elementor-action%3Aaction%3Dlightbox%26settings%3DeyJpZCI6NTkyOCwidXJsIjoiaHR0cHM6XC9cL3BmZXJkZWFsdGVyc3dlaWRlLXZhbGVuZGFzLmNoXC93cFZhbGVuZGFzXC93cC1jb250ZW50XC91cGxvYWRzXC8yMDI0XC8wNlwvVmlkZW9DYXB0dXJlXzIwMjMwOTE0LTE5MDY1Ny1Lb3BpZS1lMTcxODE4NjE3NTc2Ni5qcGcifQ%3D%3D\">\n\t\t\t\t\t\t\t<img decoding=\"async\" src=\"https:\/\/pferdealtersweide-valendas.ch\/wpValendas\/wp-content\/uploads\/elementor\/thumbs\/VideoCapture_20230914-190657-Kopie-e1718186175766-qpjnyziaili76a0auu2pn035js2bvujs4b3xbbgpeg.jpg\" title=\"VideoCapture_20230914-190657 &#8211; Kopie\" alt=\"VideoCapture_20230914-190657 - Kopie\" loading=\"lazy\" \/>\t\t\t\t\t\t\t\t<\/a>\n\t\t\t\t\t\t\t\t\t\t\t\t\t\t\t<\/div>\n\t\t\t\t<\/div>\n\t\t\t\t<\/div>\n\t\t<div class=\"elementor-element elementor-element-ce0f821 e-con-full e-flex e-con e-child\" data-id=\"ce0f821\" data-element_type=\"container\" data-e-type=\"container\">\n\t\t\t\t<div class=\"elementor-element elementor-element-c9bb4b0 elementor-widget elementor-widget-image\" data-id=\"c9bb4b0\" data-element_type=\"widget\" data-e-type=\"widget\" data-widget_type=\"image.default\">\n\t\t\t\t<div class=\"elementor-widget-container\">\n\t\t\t\t\t\t\t\t\t\t\t\t\t\t\t\t<a href=\"https:\/\/pferdealtersweide-valendas.ch\/wpValendas\/wp-content\/uploads\/2024\/06\/20230917_091320-scaled.jpg\" data-elementor-open-lightbox=\"yes\" data-e-action-hash=\"#elementor-action%3Aaction%3Dlightbox%26settings%3DeyJpZCI6NTkzNiwidXJsIjoiaHR0cHM6XC9cL3BmZXJkZWFsdGVyc3dlaWRlLXZhbGVuZGFzLmNoXC93cFZhbGVuZGFzXC93cC1jb250ZW50XC91cGxvYWRzXC8yMDI0XC8wNlwvMjAyMzA5MTdfMDkxMzIwLXNjYWxlZC5qcGcifQ%3D%3D\">\n\t\t\t\t\t\t\t<img decoding=\"async\" width=\"300\" height=\"225\" src=\"https:\/\/pferdealtersweide-valendas.ch\/wpValendas\/wp-content\/uploads\/2024\/06\/20230917_091320-300x225.jpg\" class=\"attachment-medium size-medium wp-image-5936\" alt=\"\" srcset=\"https:\/\/pferdealtersweide-valendas.ch\/wpValendas\/wp-content\/uploads\/2024\/06\/20230917_091320-300x225.jpg 300w, https:\/\/pferdealtersweide-valendas.ch\/wpValendas\/wp-content\/uploads\/2024\/06\/20230917_091320-1024x768.jpg 1024w, https:\/\/pferdealtersweide-valendas.ch\/wpValendas\/wp-content\/uploads\/2024\/06\/20230917_091320-768x576.jpg 768w, https:\/\/pferdealtersweide-valendas.ch\/wpValendas\/wp-content\/uploads\/2024\/06\/20230917_091320-1536x1152.jpg 1536w, https:\/\/pferdealtersweide-valendas.ch\/wpValendas\/wp-content\/uploads\/2024\/06\/20230917_091320-2048x1536.jpg 2048w\" sizes=\"(max-width: 300px) 100vw, 300px\" \/>\t\t\t\t\t\t\t\t<\/a>\n\t\t\t\t\t\t\t\t\t\t\t\t\t\t\t<\/div>\n\t\t\t\t<\/div>\n\t\t\t\t<\/div>\n\t\t\t\t<\/div>\n\t\t\t\t\t<\/div>\n\t\t\t\t<\/div>\n\t\t<div class=\"elementor-element elementor-element-dc69e6e e-flex e-con-boxed e-con e-parent\" data-id=\"dc69e6e\" data-element_type=\"container\" data-e-type=\"container\" data-settings=\"{&quot;background_background&quot;:&quot;classic&quot;}\">\n\t\t\t\t\t<div class=\"e-con-inner\">\n\t\t\t\t<div class=\"elementor-element elementor-element-704adf2 elementor-widget elementor-widget-text-editor\" data-id=\"704adf2\" data-element_type=\"widget\" data-e-type=\"widget\" data-widget_type=\"text-editor.default\">\n\t\t\t\t<div class=\"elementor-widget-container\">\n\t\t\t\t\t\t\t\t\t<p>Hoch \u00fcber der Ruinaulta (Romanisch f\u00fcr Rheinschlucht) liegt auf sanft abfallenden H\u00e4ngen unser Hof, etwas abseits vom Dorf Valendas im B\u00fcndner Oberland. Das hiesige Mikroklima sorgt, obwohl wir auf 810 m.\u00fc.M. leben, f\u00fcr ein mildes Klima. Es gedeihen Birnen-, Apfel- und Mirabellenb\u00e4ume, und nat\u00fcrlich sorgt das Klima auch f\u00fcr saftige Weiden. Der perfekte Ort, eine friedvolle Oase f\u00fcr Pferde- und Ponyrentner oder rekonvaleszente Ferienpferde zu schaffen.<\/p><p>Jedes Pferd, das zu uns kommt, ist eine eigene Pers\u00f6nlichkeit und bringt seine eigene Geschichte aus seinem Leben mit. Viele waren ihren Besitzerinnen und Besitzern treue Weggef\u00e4hrten und Freunde. Sie haben es verdient, mehr als ein blosses Gnadenbrot zu erhalten und finden so ihren Weg zu uns. Jeder und jedem Pferdebesitzer ist es hoch anzurechnen, wenn er seinem Sch\u00fctzling einen Lebensabend in artgerechter Haltung mit Artgenossen erm\u00f6glicht. Das ist nicht selbstverst\u00e4ndlich, unterliegen doch auch Pferde und Ponys mehr und mehr dem traurigen Gehabe der Wegwerfgesellschaft.<\/p><p>Weiter arbeiten wir seit 2007 mit der Samana-Wasi-Stiftung (Stiftung f\u00fcr Tiere in Not) zusammen. So kommen auch Tiere zu uns, die in ihrem Leben viel Schlimmes erlebt haben. Ihnen versuchen wir mit viel Zeit und Geduld das Vertrauen in die Menschen zur\u00fcckzugeben und ihnen ein lebenswertes Leben zu gew\u00e4hrleisten.<\/p><p>F\u00fcr die meisten Pferde und Ponys ist unsere Altersweide die letzte Station in ihrem Leben. Wenn die Altersbeschwerden oder Leiden zu gross werden, besprechen wir das weitere Vorgehen mit den Besitzern, um die notwendigen Schritte einzuleiten. Das sind auch f\u00fcr uns jedes Mal sehr traurige Tage, wo wir die Besitzerinnen und Besitzer nach Kr\u00e4ften unterst\u00fctzen.<\/p><p>Der Betrieb unserer Pferdealtersweide ist eine wundersch\u00f6ne und dankbare Aufgabe, die wir mit voller Leidenschaft und viel Herzblut immer zum Wohl der uns anvertrauten Pferde und Ponys t\u00e4glich verrichten. Zu sehen, wie die Pferde und Ponys dank artgerechter Haltung nochmals aufbl\u00fchen, ihre Pers\u00f6nlichkeit zeigen und gl\u00fccklich leben; wie sie ihre Dankbarkeit auf ihre Weise ausdr\u00fccken und uns t\u00e4glich aufs Neue erfreuen, ist f\u00fcr uns mehr als Lohn f\u00fcr unser grosses Engagement.<\/p>\t\t\t\t\t\t\t\t<\/div>\n\t\t\t\t<\/div>\n\t\t\t\t\t<\/div>\n\t\t\t\t<\/div>\n\t\t<div class=\"elementor-element elementor-element-002f667 e-flex e-con-boxed e-con e-parent\" data-id=\"002f667\" data-element_type=\"container\" data-e-type=\"container\">\n\t\t\t\t\t<div class=\"e-con-inner\">\n\t\t<div class=\"elementor-element elementor-element-a3fafdd e-con-full e-flex e-con e-child\" data-id=\"a3fafdd\" data-element_type=\"container\" data-e-type=\"container\">\n\t\t\t\t<\/div>\n\t\t<div class=\"elementor-element elementor-element-827f164 e-con-full e-flex e-con e-child\" data-id=\"827f164\" data-element_type=\"container\" data-e-type=\"container\">\n\t\t\t\t<\/div>\n\t\t\t\t\t<\/div>\n\t\t\t\t<\/div>\n\t\t<div class=\"elementor-element elementor-element-57d9a0a e-flex e-con-boxed e-con e-parent\" data-id=\"57d9a0a\" data-element_type=\"container\" data-e-type=\"container\" data-settings=\"{&quot;background_background&quot;:&quot;classic&quot;}\">\n\t\t\t\t\t<div class=\"e-con-inner\">\n\t\t\t\t<div class=\"elementor-element elementor-element-17da964 elementor-hidden-desktop elementor-hidden-tablet elementor-hidden-mobile elementor-widget elementor-widget-heading\" data-id=\"17da964\" data-element_type=\"widget\" data-e-type=\"widget\" data-widget_type=\"heading.default\">\n\t\t\t\t<div class=\"elementor-widget-container\">\n\t\t\t\t\t<h1 class=\"elementor-heading-title elementor-size-default\">Home<\/h1>\t\t\t\t<\/div>\n\t\t\t\t<\/div>\n\t\t\t\t<div class=\"elementor-element elementor-element-c1c4350 elementor-widget elementor-widget-text-editor\" data-id=\"c1c4350\" data-element_type=\"widget\" data-e-type=\"widget\" data-widget_type=\"text-editor.default\">\n\t\t\t\t<div class=\"elementor-widget-container\">\n\t\t\t\t\t\t\t\t\t<p>\u00a0<\/p><p>\u00a0<\/p><p>\u00a0<\/p><p>\u00a0<\/p><p>\u00a0<\/p>\t\t\t\t\t\t\t\t<\/div>\n\t\t\t\t<\/div>\n\t\t\t\t<div class=\"elementor-element elementor-element-17af642 elementor-align-center elementor-hidden-desktop elementor-hidden-tablet elementor-hidden-mobile elementor-widget elementor-widget-button\" data-id=\"17af642\" data-element_type=\"widget\" data-e-type=\"widget\" data-widget_type=\"button.default\">\n\t\t\t\t<div class=\"elementor-widget-container\">\n\t\t\t\t\t\t\t\t\t<div class=\"elementor-button-wrapper\">\n\t\t\t\t\t<a class=\"elementor-button elementor-button-link elementor-size-sm\" href=\"\/contact\/\">\n\t\t\t\t\t\t<span class=\"elementor-button-content-wrapper\">\n\t\t\t\t\t\t\t\t\t<span class=\"elementor-button-text\">Kontakt<\/span>\n\t\t\t\t\t<\/span>\n\t\t\t\t\t<\/a>\n\t\t\t\t<\/div>\n\t\t\t\t\t\t\t\t<\/div>\n\t\t\t\t<\/div>\n\t\t\t\t\t<\/div>\n\t\t\t\t<\/div>\n\t\t<div class=\"elementor-element elementor-element-551fea4 e-flex e-con-boxed e-con e-parent\" data-id=\"551fea4\" data-element_type=\"container\" data-e-type=\"container\" data-settings=\"{&quot;background_background&quot;:&quot;classic&quot;}\">\n\t\t\t\t\t<div class=\"e-con-inner\">\n\t\t<div class=\"elementor-element elementor-element-237bcf6 e-flex e-con-boxed e-con e-child\" data-id=\"237bcf6\" data-element_type=\"container\" data-e-type=\"container\">\n\t\t\t\t\t<div class=\"e-con-inner\">\n\t\t\t\t<div class=\"elementor-element elementor-element-8389e91 elementor-widget elementor-widget-image\" data-id=\"8389e91\" data-element_type=\"widget\" data-e-type=\"widget\" data-widget_type=\"image.default\">\n\t\t\t\t<div class=\"elementor-widget-container\">\n\t\t\t\t\t\t\t\t\t\t\t\t\t\t\t\t<a href=\"https:\/\/pferdealtersweide-valendas.ch\">\n\t\t\t\t\t\t\t<img decoding=\"async\" width=\"768\" height=\"155\" src=\"https:\/\/pferdealtersweide-valendas.ch\/wpValendas\/wp-content\/uploads\/2023\/12\/logowebseitekl-1024x206-1-90x18.jpg\" class=\"attachment-medium_large size-medium_large wp-image-4362\" alt=\"\" srcset=\"https:\/\/pferdealtersweide-valendas.ch\/wpValendas\/wp-content\/uploads\/2023\/12\/logowebseitekl-1024x206-1-768x155.jpg 768w, https:\/\/pferdealtersweide-valendas.ch\/wpValendas\/wp-content\/uploads\/2023\/12\/logowebseitekl-1024x206-1-300x60.jpg 300w, https:\/\/pferdealtersweide-valendas.ch\/wpValendas\/wp-content\/uploads\/2023\/12\/logowebseitekl-1024x206-1-90x18.jpg 90w, https:\/\/pferdealtersweide-valendas.ch\/wpValendas\/wp-content\/uploads\/2023\/12\/logowebseitekl-1024x206-1.jpg 1024w\" sizes=\"(max-width: 768px) 100vw, 768px\" \/>\t\t\t\t\t\t\t\t<\/a>\n\t\t\t\t\t\t\t\t\t\t\t\t\t\t\t<\/div>\n\t\t\t\t<\/div>\n\t\t\t\t\t<\/div>\n\t\t\t\t<\/div>\n\t\t\t\t\t<\/div>\n\t\t\t\t<\/div>\n\t\t\t\t<\/div>\n\t\t","protected":false},"excerpt":{"rendered":"<p>Pferdealtersweide Valendas Alters- und Ferienweide Get Started Willkommen Hoch \u00fcber der Ruinaulta (Romanisch f\u00fcr Rheinschlucht) liegt auf sanft abfallenden H\u00e4ngen unser Hof, etwas abseits vom Dorf Valendas im B\u00fcndner Oberland. Das hiesige Mikroklima sorgt, obwohl wir auf 810 m.\u00fc.M. leben, f\u00fcr ein mildes Klima. Es gedeihen Birnen-, Apfel- und Mirabellenb\u00e4ume, und nat\u00fcrlich sorgt das Klima [&hellip;]<\/p>\n","protected":false},"author":1,"featured_media":0,"parent":0,"menu_order":0,"comment_status":"closed","ping_status":"closed","template":"","meta":{"site-sidebar-layout":"no-sidebar","site-content-layout":"page-builder","ast-site-content-layout":"default","site-content-style":"default","site-sidebar-style":"default","ast-global-header-display":"","ast-banner-title-visibility":"","ast-main-header-display":"","ast-hfb-above-header-display":"","ast-hfb-below-header-display":"","ast-hfb-mobile-header-display":"","site-post-title":"disabled","ast-breadcrumbs-content":"","ast-featured-img":"disabled","footer-sml-layout":"","ast-disable-related-posts":"","theme-transparent-header-meta":"enabled","adv-header-id-meta":"","stick-header-meta":"","header-above-stick-meta":"","header-main-stick-meta":"","header-below-stick-meta":"","astra-migrate-meta-layouts":"default","ast-page-background-enabled":"default","ast-page-background-meta":{"desktop":{"background-color":"var(--ast-global-color-4)","background-image":"","background-repeat":"repeat","background-position":"center center","background-size":"auto","background-attachment":"scroll","background-type":"","background-media":"","overlay-type":"","overlay-color":"","overlay-opacity":"","overlay-gradient":""},"tablet":{"background-color":"","background-image":"","background-repeat":"repeat","background-position":"center center","background-size":"auto","background-attachment":"scroll","background-type":"","background-media":"","overlay-type":"","overlay-color":"","overlay-opacity":"","overlay-gradient":""},"mobile":{"background-color":"","background-image":"","background-repeat":"repeat","background-position":"center center","background-size":"auto","background-attachment":"scroll","background-type":"","background-media":"","overlay-type":"","overlay-color":"","overlay-opacity":"","overlay-gradient":""}},"ast-content-background-meta":{"desktop":{"background-color":"var(--ast-global-color-5)","background-image":"","background-repeat":"repeat","background-position":"center center","background-size":"auto","background-attachment":"scroll","background-type":"","background-media":"","overlay-type":"","overlay-color":"","overlay-opacity":"","overlay-gradient":""},"tablet":{"background-color":"var(--ast-global-color-5)","background-image":"","background-repeat":"repeat","background-position":"center center","background-size":"auto","background-attachment":"scroll","background-type":"","background-media":"","overlay-type":"","overlay-color":"","overlay-opacity":"","overlay-gradient":""},"mobile":{"background-color":"var(--ast-global-color-5)","background-image":"","background-repeat":"repeat","background-position":"center center","background-size":"auto","background-attachment":"scroll","background-type":"","background-media":"","overlay-type":"","overlay-color":"","overlay-opacity":"","overlay-gradient":""}},"footnotes":""},"class_list":["post-1317","page","type-page","status-publish","hentry"],"_links":{"self":[{"href":"https:\/\/pferdealtersweide-valendas.ch\/wpValendas\/wp-json\/wp\/v2\/pages\/1317","targetHints":{"allow":["GET"]}}],"collection":[{"href":"https:\/\/pferdealtersweide-valendas.ch\/wpValendas\/wp-json\/wp\/v2\/pages"}],"about":[{"href":"https:\/\/pferdealtersweide-valendas.ch\/wpValendas\/wp-json\/wp\/v2\/types\/page"}],"author":[{"embeddable":true,"href":"https:\/\/pferdealtersweide-valendas.ch\/wpValendas\/wp-json\/wp\/v2\/users\/1"}],"replies":[{"embeddable":true,"href":"https:\/\/pferdealtersweide-valendas.ch\/wpValendas\/wp-json\/wp\/v2\/comments?post=1317"}],"version-history":[{"count":168,"href":"https:\/\/pferdealtersweide-valendas.ch\/wpValendas\/wp-json\/wp\/v2\/pages\/1317\/revisions"}],"predecessor-version":[{"id":6309,"href":"https:\/\/pferdealtersweide-valendas.ch\/wpValendas\/wp-json\/wp\/v2\/pages\/1317\/revisions\/6309"}],"wp:attachment":[{"href":"https:\/\/pferdealtersweide-valendas.ch\/wpValendas\/wp-json\/wp\/v2\/media?parent=1317"}],"curies":[{"name":"wp","href":"https:\/\/api.w.org\/{rel}","templated":true}]}}